{"id":1218,"date":"2018-02-20T16:57:42","date_gmt":"2018-02-20T16:57:42","guid":{"rendered":"https:\/\/afmc.ca\/phprimer\/?page_id=1218"},"modified":"2024-07-09T15:31:56","modified_gmt":"2024-07-09T15:31:56","slug":"afmc-notions-de-sante-des-populations","status":"publish","type":"page","link":"https:\/\/phprimer.afmc.ca\/fr\/","title":{"rendered":"\u00c0 propos notions de sant\u00e9 des populations"},"content":{"rendered":"<p><strong>AFMC Notions de sant\u00e9 des populations &#8211; Un cybermanuel sur les concepts de sant\u00e9 publique \u00e0 l\u2019usage des cliniciens.<\/strong><\/p>\n<p>En 2007, un groupe d\u2019enseignants des 16 facult\u00e9s de m\u00e9decine canadiennes s\u2019est r\u00e9uni pour former un r\u00e9seau d\u2019\u00e9ducateurs en sant\u00e9 publique (RESP). Ils ont convenu que l&rsquo;int\u00e9gration des concepts de sant\u00e9 publique et de sant\u00e9 des populations dans la pratique clinique est essentielle \u00e0 la prestation de soins de sant\u00e9 de haute qualit\u00e9. Ils ont \u00e9galement convenu de la n\u00e9cessit\u00e9 d&rsquo;un manuel pour pr\u00e9senter ces concepts aux \u00e9tudiants en m\u00e9decine. Le texte serait disponible sur le Web et couvrirait les objectifs d&rsquo;apprentissage en sant\u00e9 de la population du Conseil m\u00e9dical du Canada, l&rsquo;organisme d&rsquo;agr\u00e9ment pour les \u00e9tudiants en m\u00e9decine.<\/p>\n<p>La premi\u00e8re \u00e9dition, parue en 2010, a \u00e9t\u00e9 cr\u00e9\u00e9e en collaboration par les membres du RESP et a contribu\u00e9 \u00e0 \u00e9tablir un accord sur un programme d&rsquo;enseignement en sant\u00e9 publique et des populations. Une deuxi\u00e8me \u00e9dition en 2016 a int\u00e9gr\u00e9 les commentaires des lecteurs ; la troisi\u00e8me \u00e9dition actuelle (2024) met \u00e0 jour le contenu sur la sant\u00e9 publique et refl\u00e8te les objectifs d&rsquo;apprentissage r\u00e9vis\u00e9s du Conseil m\u00e9dical. Bien que le manuel soit adapt\u00e9 aux \u00e9tudiants en m\u00e9decine, il peut \u00e9galement servir aux stagiaires en r\u00e9sidence en sant\u00e9 publique et m\u00e9decine pr\u00e9ventive, ainsi qu&rsquo;aux \u00e9tudiants d&rsquo;autres professions de la sant\u00e9 et aux cliniciens souhaitant am\u00e9liorer leurs connaissances.<\/p>\n<p><strong>R\u00e9dacteurs<\/strong><br \/>\n<em>Premi\u00e8re et deuxi\u00e8me \u00e9ditions<\/em> :<br \/>\nDenise Donovan, Universit\u00e9 de Sherbrooke : Centre de formation m\u00e9dicale du Nouveau-Brunswick<br \/>\nIan McDowell, Universit\u00e9 d&rsquo;Ottawa<\/p>\n<p><em>Troisi\u00e8me \u00e9dition <\/em>:<br \/>\nIan McDowell, Universit\u00e9 d&rsquo;Ottawa<br \/>\nReed Morrison, Sant\u00e9 publique Ontario et L&rsquo;\u00e9cole de m\u00e9decine du nord de l&rsquo;Ontario<br \/>\nNikhil Rajaram, University of Toronto.<\/p>\n<p><strong>Financement\u00a0<\/strong><br \/>\nLa r\u00e9alisation de la premi\u00e8re \u00e9dition du manuel a \u00e9t\u00e9 rendue possible gr\u00e2ce \u00e0 une contribution du secteur responsable du perfectionnement professionnel du Bureau de la pratique en sant\u00e9 publique de l&rsquo;Agence de la sant\u00e9 publique du Canada.<br \/>\nNous sommes tr\u00e8s reconnaissants de l&rsquo;aide en nature de la part du Centre de formation m\u00e9dicale du Nouveau Brunswick en collaboration avec l&rsquo;Universit\u00e9 de Sherbrooke, et de l&rsquo;Universit\u00e9 d&rsquo;Ottawa.<\/p>\n<p><strong>R\u00e9troaction<\/strong><br \/>\nNous vous invitons \u00e0 nous faire part de vos commentaires sur ce manuel et sommes ouverts \u00e0 vos suggestions pour l&rsquo;am\u00e9liorer. Nous les utiliserons pour d\u00e9velopper de nouveaux contenus pour les prochaines \u00e9ditions. Veuillez nous envoyer un courriel \u00e0 <a href=\"mailto:info@afmc.ca\">info@afmc.ca<\/a>\u00a0attention Ian McDowell.<\/p>\n","protected":false},"excerpt":{"rendered":"<p>AFMC Notions de sant\u00e9 des populations &#8211; Un cybermanuel sur les concepts de sant\u00e9 publique \u00e0 l\u2019usage des cliniciens. En 2007, un groupe d\u2019enseignants des 16 facult\u00e9s de m\u00e9decine canadiennes s\u2019est r\u00e9uni pour former un r\u00e9seau d\u2019\u00e9ducateurs en sant\u00e9 publique (RESP). Ils ont convenu que l&rsquo;int\u00e9gration des concepts de sant\u00e9 publique et de sant\u00e9 des [&hellip;]<\/p>\n","protected":false},"author":1,"featured_media":0,"parent":0,"menu_order":0,"comment_status":"closed","ping_status":"closed","template":"","meta":{"footnotes":""},"class_list":["post-1218","page","type-page","status-publish","hentry"],"aioseo_notices":[],"_links":{"self":[{"href":"https:\/\/phprimer.afmc.ca\/fr\/wp-json\/wp\/v2\/pages\/1218","targetHints":{"allow":["GET"]}}],"collection":[{"href":"https:\/\/phprimer.afmc.ca\/fr\/wp-json\/wp\/v2\/pages"}],"about":[{"href":"https:\/\/phprimer.afmc.ca\/fr\/wp-json\/wp\/v2\/types\/page"}],"author":[{"embeddable":true,"href":"https:\/\/phprimer.afmc.ca\/fr\/wp-json\/wp\/v2\/users\/1"}],"replies":[{"embeddable":true,"href":"https:\/\/phprimer.afmc.ca\/fr\/wp-json\/wp\/v2\/comments?post=1218"}],"version-history":[{"count":2,"href":"https:\/\/phprimer.afmc.ca\/fr\/wp-json\/wp\/v2\/pages\/1218\/revisions"}],"predecessor-version":[{"id":4506,"href":"https:\/\/phprimer.afmc.ca\/fr\/wp-json\/wp\/v2\/pages\/1218\/revisions\/4506"}],"wp:attachment":[{"href":"https:\/\/phprimer.afmc.ca\/fr\/wp-json\/wp\/v2\/media?parent=1218"}],"curies":[{"name":"wp","href":"https:\/\/api.w.org\/{rel}","templated":true}]}}